{"id":1955,"date":"2022-05-12T23:53:16","date_gmt":"2022-05-12T22:53:16","guid":{"rendered":"https:\/\/cfsonline.ch\/?page_id=1955"},"modified":"2026-01-22T00:02:47","modified_gmt":"2026-01-21T23:02:47","slug":"ueber-uns","status":"publish","type":"page","link":"https:\/\/cfsonline.ch\/?page_id=1955","title":{"rendered":"\u00dcber uns"},"content":{"rendered":"<p>[et_pb_section fb_built=&#8221;1&#8243; _builder_version=&#8221;4.27.4&#8243; _module_preset=&#8221;default&#8221; background_color=&#8221;rgba(0,0,0,0.1)&#8221; bottom_divider_style=&#8221;asymmetric4&#8243; bottom_divider_color=&#8221;rgba(12,113,195,0.25)&#8221; bottom_divider_height=&#8221;500px&#8221; hover_enabled=&#8221;0&#8243; box_shadow_style=&#8221;preset3&#8243; box_shadow_spread=&#8221;20px&#8221; box_shadow_color=&#8221;#0091c1&#8243; global_colors_info=&#8221;{}&#8221; min_height=&#8221;100vh&#8221; sticky_enabled=&#8221;0&#8243;][et_pb_row _builder_version=&#8221;4.17.4&#8243; _module_preset=&#8221;default&#8221; global_colors_info=&#8221;{}&#8221;][et_pb_column type=&#8221;4_4&#8243; _builder_version=&#8221;4.17.3&#8243; _module_preset=&#8221;default&#8221; global_colors_info=&#8221;{}&#8221;][et_pb_text admin_label=&#8221;Text&#8221; _builder_version=&#8221;4.20.2&#8243; _module_preset=&#8221;default&#8221; text_font=&#8221;Josefin Sans||||||||&#8221; text_text_color=&#8221;#000000&#8243; header_font=&#8221;Josefin Sans||||||||&#8221; header_text_color=&#8221;#000000&#8243; header_font_size=&#8221;40px&#8221; header_letter_spacing=&#8221;4px&#8221; text_orientation=&#8221;center&#8221; custom_margin=&#8221;60px||10px||false|false&#8221; header_text_shadow_style=&#8221;preset1&#8243; global_colors_info=&#8221;{}&#8221;]<\/p>\n<h3>\u200b<\/h3>\n<h1 class=\"elementor-heading-title elementor-size-default\" style=\"text-align: center;\"><strong>Wer wir sind?<\/strong><\/h1>\n<p>[\/et_pb_text][\/et_pb_column][\/et_pb_row][et_pb_row column_structure=&#8221;1_2,1_2&#8243; _builder_version=&#8221;4.17.4&#8243; _module_preset=&#8221;default&#8221; custom_margin=&#8221;0px||0px||true|false&#8221; custom_padding=&#8221;0px||0px||true|false&#8221; global_colors_info=&#8221;{}&#8221;][et_pb_column type=&#8221;1_2&#8243; _builder_version=&#8221;4.17.4&#8243; _module_preset=&#8221;default&#8221; global_colors_info=&#8221;{}&#8221;][et_pb_text content_tablet=&#8221;<\/p>\n<p>Christian<span style=%22font-size: 16px;%22> (Chris) Schlatter, 1952 in Z\u00fcrich geboren und in Oberglatt im Kanton Z\u00fcrich als \u00c4ltester von drei Geschwistern aufgewachsen.<\/span><\/p>\n<p>&#8221; content_phone=&#8221;<\/p>\n<p>Christian<span style=%22font-size: 16px;%22> (Chris) Schlatter, 1952 in Z\u00fcrich geboren und in Oberglatt im Kanton Z\u00fcrich als \u00c4ltester von drei Geschwistern aufgewachsen.<\/span><\/p>\n<p>&#8221; content_last_edited=&#8221;on|desktop&#8221; _builder_version=&#8221;4.17.4&#8243; _module_preset=&#8221;default&#8221; text_font=&#8221;Josefin Sans|500|||||||&#8221; text_text_color=&#8221;#000000&#8243; text_font_size=&#8221;18px&#8221; text_letter_spacing=&#8221;1px&#8221; module_alignment=&#8221;center&#8221; min_height=&#8221;80px&#8221; min_height_tablet=&#8221;75px&#8221; min_height_phone=&#8221;100px&#8221; min_height_last_edited=&#8221;on|tablet&#8221; height=&#8221;80px&#8221; global_colors_info=&#8221;{}&#8221;]<\/p>\n<p>Christian (Chris) Schlatter, 1952 in Z\u00fcrich geboren und in Oberglatt im Kanton Z\u00fcrich als \u00c4ltester von drei Geschwistern aufgewachsen.<\/p>\n<p>[\/et_pb_text][et_pb_image src=&#8221;https:\/\/cfsonline.ch\/wp-content\/uploads\/2021\/03\/CH-Flagge-e1653663806822.png&#8221; title_text=&#8221;CH-Flagge&#8221; align=&#8221;center&#8221; _builder_version=&#8221;4.17.4&#8243; _module_preset=&#8221;default&#8221; height=&#8221;70px&#8221; custom_margin=&#8221;0px||0px||true|false&#8221; custom_padding=&#8221;0px||0px||true|false&#8221; border_radii=&#8221;on|5px|5px|5px|5px&#8221; border_width_all=&#8221;2px&#8221; border_color_all=&#8221;#8300E9&#8243; box_shadow_style=&#8221;preset2&#8243; global_colors_info=&#8221;{}&#8221;][\/et_pb_image][\/et_pb_column][et_pb_column type=&#8221;1_2&#8243; _builder_version=&#8221;4.17.4&#8243; _module_preset=&#8221;default&#8221; global_colors_info=&#8221;{}&#8221;][et_pb_text _builder_version=&#8221;4.17.4&#8243; _module_preset=&#8221;default&#8221; text_font=&#8221;Josefin Sans|500|||||||&#8221; text_text_color=&#8221;#000000&#8243; text_font_size=&#8221;18px&#8221; text_letter_spacing=&#8221;1px&#8221; module_alignment=&#8221;center&#8221; min_height=&#8221;90px&#8221; min_height_tablet=&#8221;90px&#8221; min_height_phone=&#8221;135px&#8221; min_height_last_edited=&#8221;on|phone&#8221; height=&#8221;90px&#8221; global_colors_info=&#8221;{}&#8221;]<\/p>\n<div data-id=\"71045a5\" data-element_type=\"widget\" data-widget_type=\"text-editor.default\">\n<div>\n<div>\n<p>Francisca (Fanny) Schlatter Ottens, 1955 in Den Helder in den Niederlanden geboren und in Weesp in der Provinz Noord-Holland\u00a0als J\u00fcngste von drei Geschwistern\u00a0aufgewachsen.<\/p>\n<\/div>\n<\/div>\n<\/div>\n<p>[\/et_pb_text][et_pb_image src=&#8221;https:\/\/cfsonline.ch\/wp-content\/uploads\/2021\/03\/NL-Flagge.png&#8221; title_text=&#8221;NL-Flagge&#8221; align=&#8221;center&#8221; _builder_version=&#8221;4.17.4&#8243; _module_preset=&#8221;default&#8221; height=&#8221;70px&#8221; custom_margin=&#8221;0px||0px||true|false&#8221; custom_padding=&#8221;0px||0px||true|false&#8221; border_radii=&#8221;on|5px|5px|5px|5px&#8221; border_width_all=&#8221;2px&#8221; border_color_all=&#8221;#8300E9&#8243; box_shadow_style=&#8221;preset2&#8243; global_colors_info=&#8221;{}&#8221;][\/et_pb_image][\/et_pb_column][\/et_pb_row][et_pb_row _builder_version=&#8221;4.17.4&#8243; _module_preset=&#8221;default&#8221; custom_margin=&#8221;0px||0px||true|false&#8221; custom_padding=&#8221;0px||0px||true|false&#8221; global_colors_info=&#8221;{}&#8221;][et_pb_column type=&#8221;4_4&#8243; _builder_version=&#8221;4.17.3&#8243; _module_preset=&#8221;default&#8221; global_colors_info=&#8221;{}&#8221;][et_pb_text admin_label=&#8221;Text&#8221; _builder_version=&#8221;4.20.2&#8243; _module_preset=&#8221;default&#8221; text_font=&#8221;Josefin Sans|500|||||||&#8221; text_text_color=&#8221;#000000&#8243; text_font_size=&#8221;18px&#8221; text_letter_spacing=&#8221;1px&#8221; module_alignment=&#8221;center&#8221; min_height=&#8221;110px&#8221; min_height_tablet=&#8221;200px&#8221; min_height_phone=&#8221;360px&#8221; min_height_last_edited=&#8221;on|phone&#8221; height=&#8221;110px&#8221; custom_margin=&#8221;30px||30px||true|false&#8221; custom_margin_tablet=&#8221;30px||30px||true|false&#8221; custom_margin_phone=&#8221;30px||30px||true|false&#8221; custom_margin_last_edited=&#8221;on|desktop&#8221; global_colors_info=&#8221;{}&#8221;]<\/p>\n<p>\u200bUnsere Lebenswege kreuzten sich in jungen Jahren in den Niederlanden. Es war Liebe auf den ersten Blick, und seitdem sind wir untrennbar miteinander verbunden und gehen gemeinsam durchs Leben. Nach unserer Hochzeit im Jahr 1976 in Weesp wurde diese charmante Kleinstadt vor den Toren von Amsterdam f\u00fcr die n\u00e4chsten sieben Jahre unser erstes gemeinsames Zuhause. Im Jahr 1983 sind wir dann in die Schweiz umgezogen und haben schon bald darauf unsere Leidenschaft f\u00fcr das Reisen entdeckt. Dabei haben wir zahlreiche wundersch\u00f6ne Momente mit der Kamera festgehalten. Es freut uns ganz besonders, einige dieser unvergesslichen Eindr\u00fccke mit Ihnen teilen zu k\u00f6nnen. Viel Spass dabei!<\/p>\n<p>[\/et_pb_text][\/et_pb_column][\/et_pb_row][et_pb_row _builder_version=&#8221;4.17.4&#8243; _module_preset=&#8221;default&#8221; global_colors_info=&#8221;{}&#8221;][et_pb_column type=&#8221;4_4&#8243; _builder_version=&#8221;4.17.4&#8243; _module_preset=&#8221;default&#8221; global_colors_info=&#8221;{}&#8221;][et_pb_image src=&#8221;https:\/\/cfsonline.ch\/wp-content\/uploads\/2021\/03\/20180908_153139-2.jpg&#8221; title_text=&#8221;20180908_153139-2&#8243; url=&#8221;#open&#8221; use_overlay=&#8221;on&#8221; overlay_icon_color=&#8221;#8300E9&#8243; hover_overlay_color=&#8221;rgba(0,0,0,0.2)&#8221; hover_icon=&#8221;&#xf11c;||fa||900&#8243; align=&#8221;center&#8221; force_fullwidth=&#8221;on&#8221; module_id=&#8221;overlay_unique_id_2860&#8243; _builder_version=&#8221;4.20.2&#8243; _module_preset=&#8221;default&#8221; custom_margin=&#8221;50px||50px||true|false&#8221; custom_margin_tablet=&#8221;50px||50px||true|false&#8221; custom_margin_phone=&#8221;140px||140px||true|false&#8221; custom_margin_last_edited=&#8221;on|desktop&#8221; custom_padding=&#8221;0px||||false|false&#8221; custom_padding_tablet=&#8221;0px||||false|false&#8221; custom_padding_phone=&#8221;0px||||false|false&#8221; custom_padding_last_edited=&#8221;on|desktop&#8221; border_radii=&#8221;on|10px|10px|10px|10px&#8221; border_width_all=&#8221;6px&#8221; border_color_all=&#8221;RGBA(255,255,255,0)&#8221; border_style_all=&#8221;double&#8221; box_shadow_style=&#8221;preset2&#8243; global_colors_info=&#8221;{}&#8221; border_radii__hover_enabled=&#8221;on|desktop&#8221; border_color_all__hover_enabled=&#8221;on|desktop&#8221; border_color_all__hover=&#8221;#8300E9&#8243; border_radii__hover=&#8221;on|10px|10px|10px|10px&#8221;][\/et_pb_image][et_pb_divider show_divider=&#8221;off&#8221; _builder_version=&#8221;4.17.4&#8243; _module_preset=&#8221;default&#8221; custom_padding=&#8221;14px||||false|false&#8221; global_colors_info=&#8221;{}&#8221;][\/et_pb_divider][et_pb_button button_url=&#8221;#open&#8221; button_text=&#8221;Schreiben Sie uns&#8230;&#8221; button_alignment=&#8221;center&#8221; module_id=&#8221;overlay_unique_id_2860&#8243; _builder_version=&#8221;4.17.4&#8243; _module_preset=&#8221;default&#8221; custom_button=&#8221;on&#8221; button_bg_color=&#8221;#0C71C3&#8243; button_border_width=&#8221;6px&#8221; button_border_color=&#8221;#0C71C3&#8243; button_border_radius=&#8221;30px&#8221; button_font=&#8221;Josefin Sans|500|||||||&#8221; button_icon=&#8221;&#xf11c;||fa||400&#8243; button_icon_color=&#8221;#FFFFFF&#8221; button_on_hover=&#8221;off&#8221; background_layout=&#8221;dark&#8221; custom_margin=&#8221;30px||30px||true|false&#8221; custom_margin_tablet=&#8221;0px||||false|false&#8221; custom_margin_phone=&#8221;0px||||false|false&#8221; custom_margin_last_edited=&#8221;on|desktop&#8221; custom_padding=&#8221;6px|45px|6px|20px|true|false&#8221; button_bg_color_tablet=&#8221;#0C71C3&#8243; button_bg_color_phone=&#8221;#0C71C3&#8243; button_bg_color_last_edited=&#8221;on|desktop&#8221; button_icon_color_last_edited=&#8221;off|desktop&#8221; box_shadow_style=&#8221;preset2&#8243; global_colors_info=&#8221;{}&#8221; button_border_color__hover_enabled=&#8221;on|hover&#8221; button_border_color__hover=&#8221;#8300E9&#8243; background_layout__hover_enabled=&#8221;on|hover&#8221; background_layout__hover=&#8221;dark&#8221; custom_margin__hover_enabled=&#8221;off|desktop&#8221; custom_padding__hover_enabled=&#8221;on|desktop&#8221; custom_padding__hover=&#8221;6px|45px|6px|20px|true|false&#8221; button_icon_color__hover_enabled=&#8221;on|desktop&#8221; button_icon_color__hover=&#8221;#FFFFFF&#8221;][\/et_pb_button][\/et_pb_column][\/et_pb_row][\/et_pb_section]<\/p>\n","protected":false},"excerpt":{"rendered":"<p>\u200b Wer wir sind?Christian (Chris) Schlatter, 1952 in Z\u00fcrich geboren und in Oberglatt im Kanton Z\u00fcrich als \u00c4ltester von drei Geschwistern aufgewachsen. Francisca (Fanny) Schlatter Ottens, 1955 in Den Helder in den Niederlanden geboren und in Weesp in der Provinz Noord-Holland\u00a0als J\u00fcngste von drei Geschwistern\u00a0aufgewachsen. \u200bUnsere Lebenswege kreuzten sich in jungen Jahren in den Niederlanden. [&hellip;]<\/p>\n","protected":false},"author":1,"featured_media":0,"parent":0,"menu_order":6,"comment_status":"closed","ping_status":"closed","template":"","meta":{"_et_pb_use_builder":"on","_et_pb_old_content":"","_et_gb_content_width":"","footnotes":""},"class_list":["post-1955","page","type-page","status-publish","hentry"],"yoast_head":"<!-- This site is optimized with the Yoast SEO plugin v27.4 - https:\/\/yoast.com\/product\/yoast-seo-wordpress\/ -->\n<title>\u00dcber uns - CFSonline.ch<\/title>\n<meta name=\"robots\" content=\"index, follow, max-snippet:-1, max-image-preview:large, max-video-preview:-1\" \/>\n<link rel=\"canonical\" href=\"https:\/\/cfsonline.ch\/?page_id=1955\" \/>\n<meta property=\"og:locale\" content=\"de_DE\" \/>\n<meta property=\"og:type\" content=\"article\" \/>\n<meta property=\"og:title\" content=\"\u00dcber uns - CFSonline.ch\" \/>\n<meta property=\"og:description\" content=\"\u200b Wer wir sind?Christian (Chris) Schlatter, 1952 in Z\u00fcrich geboren und in Oberglatt im Kanton Z\u00fcrich als \u00c4ltester von drei Geschwistern aufgewachsen. Francisca (Fanny) Schlatter Ottens, 1955 in Den Helder in den Niederlanden geboren und in Weesp in der Provinz Noord-Holland\u00a0als J\u00fcngste von drei Geschwistern\u00a0aufgewachsen. \u200bUnsere Lebenswege kreuzten sich in jungen Jahren in den Niederlanden. [&hellip;]\" \/>\n<meta property=\"og:url\" content=\"https:\/\/cfsonline.ch\/?page_id=1955\" \/>\n<meta property=\"og:site_name\" content=\"CFSonline.ch\" \/>\n<meta property=\"article:modified_time\" content=\"2026-01-21T23:02:47+00:00\" \/>\n<meta name=\"twitter:card\" content=\"summary_large_image\" \/>\n<meta name=\"twitter:label1\" content=\"Gesch\u00e4tzte Lesezeit\" \/>\n\t<meta name=\"twitter:data1\" content=\"6\u00a0Minuten\" \/>\n<script type=\"application\/ld+json\" class=\"yoast-schema-graph\">{\"@context\":\"https:\\\/\\\/schema.org\",\"@graph\":[{\"@type\":\"WebPage\",\"@id\":\"https:\\\/\\\/cfsonline.ch\\\/?page_id=1955\",\"url\":\"https:\\\/\\\/cfsonline.ch\\\/?page_id=1955\",\"name\":\"\u00dcber uns - CFSonline.ch\",\"isPartOf\":{\"@id\":\"https:\\\/\\\/cfsonline.ch\\\/#website\"},\"datePublished\":\"2022-05-12T22:53:16+00:00\",\"dateModified\":\"2026-01-21T23:02:47+00:00\",\"breadcrumb\":{\"@id\":\"https:\\\/\\\/cfsonline.ch\\\/?page_id=1955#breadcrumb\"},\"inLanguage\":\"de-CH\",\"potentialAction\":[{\"@type\":\"ReadAction\",\"target\":[\"https:\\\/\\\/cfsonline.ch\\\/?page_id=1955\"]}]},{\"@type\":\"BreadcrumbList\",\"@id\":\"https:\\\/\\\/cfsonline.ch\\\/?page_id=1955#breadcrumb\",\"itemListElement\":[{\"@type\":\"ListItem\",\"position\":1,\"name\":\"Startseite\",\"item\":\"https:\\\/\\\/cfsonline.ch\\\/\"},{\"@type\":\"ListItem\",\"position\":2,\"name\":\"\u00dcber uns\"}]},{\"@type\":\"WebSite\",\"@id\":\"https:\\\/\\\/cfsonline.ch\\\/#website\",\"url\":\"https:\\\/\\\/cfsonline.ch\\\/\",\"name\":\"CFSonline.ch\",\"description\":\"Erinnerungen Augenblicke Impressionen mit der Kamera festgehalten von Chris und Fanny Schlatter\",\"publisher\":{\"@id\":\"https:\\\/\\\/cfsonline.ch\\\/#organization\"},\"potentialAction\":[{\"@type\":\"SearchAction\",\"target\":{\"@type\":\"EntryPoint\",\"urlTemplate\":\"https:\\\/\\\/cfsonline.ch\\\/?s={search_term_string}\"},\"query-input\":{\"@type\":\"PropertyValueSpecification\",\"valueRequired\":true,\"valueName\":\"search_term_string\"}}],\"inLanguage\":\"de-CH\"},{\"@type\":\"Organization\",\"@id\":\"https:\\\/\\\/cfsonline.ch\\\/#organization\",\"name\":\"CFSonline.ch\",\"url\":\"https:\\\/\\\/cfsonline.ch\\\/\",\"logo\":{\"@type\":\"ImageObject\",\"inLanguage\":\"de-CH\",\"@id\":\"https:\\\/\\\/cfsonline.ch\\\/#\\\/schema\\\/logo\\\/image\\\/\",\"url\":\"https:\\\/\\\/cfsonline.ch\\\/wp-content\\\/uploads\\\/2021\\\/02\\\/Logo-e1613521000776.jpg\",\"contentUrl\":\"https:\\\/\\\/cfsonline.ch\\\/wp-content\\\/uploads\\\/2021\\\/02\\\/Logo-e1613521000776.jpg\",\"width\":167,\"height\":69,\"caption\":\"CFSonline.ch\"},\"image\":{\"@id\":\"https:\\\/\\\/cfsonline.ch\\\/#\\\/schema\\\/logo\\\/image\\\/\"}}]}<\/script>\n<!-- \/ Yoast SEO plugin. -->","yoast_head_json":{"title":"\u00dcber uns - CFSonline.ch","robots":{"index":"index","follow":"follow","max-snippet":"max-snippet:-1","max-image-preview":"max-image-preview:large","max-video-preview":"max-video-preview:-1"},"canonical":"https:\/\/cfsonline.ch\/?page_id=1955","og_locale":"de_DE","og_type":"article","og_title":"\u00dcber uns - CFSonline.ch","og_description":"\u200b Wer wir sind?Christian (Chris) Schlatter, 1952 in Z\u00fcrich geboren und in Oberglatt im Kanton Z\u00fcrich als \u00c4ltester von drei Geschwistern aufgewachsen. Francisca (Fanny) Schlatter Ottens, 1955 in Den Helder in den Niederlanden geboren und in Weesp in der Provinz Noord-Holland\u00a0als J\u00fcngste von drei Geschwistern\u00a0aufgewachsen. \u200bUnsere Lebenswege kreuzten sich in jungen Jahren in den Niederlanden. [&hellip;]","og_url":"https:\/\/cfsonline.ch\/?page_id=1955","og_site_name":"CFSonline.ch","article_modified_time":"2026-01-21T23:02:47+00:00","twitter_card":"summary_large_image","twitter_misc":{"Gesch\u00e4tzte Lesezeit":"6\u00a0Minuten"},"schema":{"@context":"https:\/\/schema.org","@graph":[{"@type":"WebPage","@id":"https:\/\/cfsonline.ch\/?page_id=1955","url":"https:\/\/cfsonline.ch\/?page_id=1955","name":"\u00dcber uns - CFSonline.ch","isPartOf":{"@id":"https:\/\/cfsonline.ch\/#website"},"datePublished":"2022-05-12T22:53:16+00:00","dateModified":"2026-01-21T23:02:47+00:00","breadcrumb":{"@id":"https:\/\/cfsonline.ch\/?page_id=1955#breadcrumb"},"inLanguage":"de-CH","potentialAction":[{"@type":"ReadAction","target":["https:\/\/cfsonline.ch\/?page_id=1955"]}]},{"@type":"BreadcrumbList","@id":"https:\/\/cfsonline.ch\/?page_id=1955#breadcrumb","itemListElement":[{"@type":"ListItem","position":1,"name":"Startseite","item":"https:\/\/cfsonline.ch\/"},{"@type":"ListItem","position":2,"name":"\u00dcber uns"}]},{"@type":"WebSite","@id":"https:\/\/cfsonline.ch\/#website","url":"https:\/\/cfsonline.ch\/","name":"CFSonline.ch","description":"Erinnerungen Augenblicke Impressionen mit der Kamera festgehalten von Chris und Fanny Schlatter","publisher":{"@id":"https:\/\/cfsonline.ch\/#organization"},"potentialAction":[{"@type":"SearchAction","target":{"@type":"EntryPoint","urlTemplate":"https:\/\/cfsonline.ch\/?s={search_term_string}"},"query-input":{"@type":"PropertyValueSpecification","valueRequired":true,"valueName":"search_term_string"}}],"inLanguage":"de-CH"},{"@type":"Organization","@id":"https:\/\/cfsonline.ch\/#organization","name":"CFSonline.ch","url":"https:\/\/cfsonline.ch\/","logo":{"@type":"ImageObject","inLanguage":"de-CH","@id":"https:\/\/cfsonline.ch\/#\/schema\/logo\/image\/","url":"https:\/\/cfsonline.ch\/wp-content\/uploads\/2021\/02\/Logo-e1613521000776.jpg","contentUrl":"https:\/\/cfsonline.ch\/wp-content\/uploads\/2021\/02\/Logo-e1613521000776.jpg","width":167,"height":69,"caption":"CFSonline.ch"},"image":{"@id":"https:\/\/cfsonline.ch\/#\/schema\/logo\/image\/"}}]}},"_links":{"self":[{"href":"https:\/\/cfsonline.ch\/index.php?rest_route=\/wp\/v2\/pages\/1955","targetHints":{"allow":["GET"]}}],"collection":[{"href":"https:\/\/cfsonline.ch\/index.php?rest_route=\/wp\/v2\/pages"}],"about":[{"href":"https:\/\/cfsonline.ch\/index.php?rest_route=\/wp\/v2\/types\/page"}],"author":[{"embeddable":true,"href":"https:\/\/cfsonline.ch\/index.php?rest_route=\/wp\/v2\/users\/1"}],"replies":[{"embeddable":true,"href":"https:\/\/cfsonline.ch\/index.php?rest_route=%2Fwp%2Fv2%2Fcomments&post=1955"}],"version-history":[{"count":3,"href":"https:\/\/cfsonline.ch\/index.php?rest_route=\/wp\/v2\/pages\/1955\/revisions"}],"predecessor-version":[{"id":3208,"href":"https:\/\/cfsonline.ch\/index.php?rest_route=\/wp\/v2\/pages\/1955\/revisions\/3208"}],"wp:attachment":[{"href":"https:\/\/cfsonline.ch\/index.php?rest_route=%2Fwp%2Fv2%2Fmedia&parent=1955"}],"curies":[{"name":"wp","href":"https:\/\/api.w.org\/{rel}","templated":true}]}}